{"id":802,"date":"2024-10-25T14:04:30","date_gmt":"2024-10-25T17:04:30","guid":{"rendered":"https:\/\/gifukenjinkai.org.br\/20expo\/?page_id=802"},"modified":"2025-11-12T12:25:08","modified_gmt":"2025-11-12T15:25:08","slug":"tarokaneko","status":"publish","type":"page","link":"https:\/\/gifukenjinkai.org.br\/21expo\/artist\/tarokaneko\/","title":{"rendered":"TARO KANEKO (\u91d1\u5b50 \u30bf\u30ed\u30a6)"},"content":{"rendered":"\n<h2 class=\"wp-block-heading\">TARO KANEKO<br>(\u91d1\u5b50 \u30bf\u30ed\u30a6)<\/h2>\n\n\n\n<p class=\"has-text-align-right\"> <a href=\"https:\/\/www.instagram.com\/tarokaneko\" target=\"_blank\" rel=\"noreferrer noopener\">tarokaneko<\/a><\/p>\n\n\n\n<p>Taro Kaneko (1953 \u2013 G\u00e1lia \u2013 SP)<br><br>Individuais: 2017\/ Face Gabinete de Arte \u2013 (S\u00e3o Paulo, Brasil) &#8211; 98\/ Okuda International Gallery (Washington) &#8211; 97\/ Shimizu Gallery (Jp) &#8211; 96\/Promo Art Gallery (Tokio) &#8211; 92\/ Niigata City Museum (Jp) &#8211; 91\/Dan Galeria &#8211; 86\/Galeria Ricardo Camargo &#8211; 82\/ MASP &#8211; 81\/ Museu OEA (Washington). <br><br>Coletivas: 17\/2o Bienal Internacional de Arte Gaia (Porto, Portugal)-17\/ SP Arte &#8211; Pavilh\u00e3o da Bienal (S\u00e3o Paulo, Brasil)10\/Bridge Gallery (Pequim) &#8211; 09\/Franchini`s Galeria (Porto), Rodin Bahia (Salvador) &#8211; 08\/Sannomiya Hall (Kobe, Jp), Galeria de Arte C\u00edvica (Yokohama, Jp), Museu de Arte de Kumamoto (Jp), MAC &#8211; USP, Mube (SP) &#8211; 06\/Casa das Rosas (SP) &#8211; 04\/Andr\u00e9 Galeria (SP), SESC Pompeia \u2013 02\/ MASP &#8211; 99\/Euro des Arts (Chouzy sur Cisse, Fr), Minist\u00e9rio das Rela\u00e7\u00f5es Exteriores (Bras\u00edlia), MAM (Rio de Janeiro) &#8211; 96\/Kenritsu Museum (Guifu, Jp), Tokyo Azabu Museum &#8211; 94\/ Galeria Sara Garcia (B. Aires) &#8211; 93\/ Viscaya Museum (Miami), Museu de Arte Brasileira (SP) &#8211; 92\/ Coral Gables Gallery (Florida), Europe Art (Genebra) &#8211; 91\/Fagen Peterson Art (Arizona), Chicago Expocenter &#8211; 90\/International Museum of Twentieth Century Arts ( Los Angeles). <br><br>Pr\u00eamios: 99\/ Contemporary Art Exhibition (Paris) \u201c Art and Creation Award\u201d , Expo Artec (Chantilly, Fr) \u201cPatrimoine de L\u2019Art Contemporain Award\u201d- 98\/ Expo Artec (Yokohama, Jp) \u201cChristian Langlois Award\u201c<\/p>\n\n\n\n<div style=\"height:64px\" aria-hidden=\"true\" class=\"wp-block-spacer\"><\/div>\n\n\n<ul class=\"wp-block-latest-posts__list is-grid columns-3 wp-block-latest-posts\"><li><div class=\"wp-block-latest-posts__featured-image\"><a href=\"https:\/\/gifukenjinkai.org.br\/21expo\/artist-mz\/tarokaneko\/onda\/\" aria-label=\"Onda\"><img loading=\"lazy\" decoding=\"async\" width=\"150\" height=\"150\" src=\"https:\/\/gifukenjinkai.org.br\/wp_expo\/wp-content\/uploads\/expo2025_sq480_TaroKaneko_2_Onda-150x150.png\" class=\"attachment-thumbnail size-thumbnail wp-post-image\" alt=\"\" style=\"\" srcset=\"https:\/\/gifukenjinkai.org.br\/wp_expo\/wp-content\/uploads\/expo2025_sq480_TaroKaneko_2_Onda-150x150.png 150w, https:\/\/gifukenjinkai.org.br\/wp_expo\/wp-content\/uploads\/expo2025_sq480_TaroKaneko_2_Onda-300x300.png 300w, https:\/\/gifukenjinkai.org.br\/wp_expo\/wp-content\/uploads\/expo2025_sq480_TaroKaneko_2_Onda.png 480w\" sizes=\"auto, (max-width: 150px) 100vw, 150px\" \/><\/a><\/div><a class=\"wp-block-latest-posts__post-title\" href=\"https:\/\/gifukenjinkai.org.br\/21expo\/artist-mz\/tarokaneko\/onda\/\">Onda<\/a><\/li>\n<li><div class=\"wp-block-latest-posts__featured-image\"><a href=\"https:\/\/gifukenjinkai.org.br\/21expo\/artist-mz\/tarokaneko\/montefujiepaodeacucar\/\" aria-label=\"Monte Fuji e P\u00e3o de A\u00e7ucar\"><img loading=\"lazy\" decoding=\"async\" width=\"150\" height=\"150\" src=\"https:\/\/gifukenjinkai.org.br\/wp_expo\/wp-content\/uploads\/expo2025_sq480_TaroKaneko_1_MonteFujiEPaoDeAcucar-150x150.png\" class=\"attachment-thumbnail size-thumbnail wp-post-image\" alt=\"\" style=\"\" srcset=\"https:\/\/gifukenjinkai.org.br\/wp_expo\/wp-content\/uploads\/expo2025_sq480_TaroKaneko_1_MonteFujiEPaoDeAcucar-150x150.png 150w, https:\/\/gifukenjinkai.org.br\/wp_expo\/wp-content\/uploads\/expo2025_sq480_TaroKaneko_1_MonteFujiEPaoDeAcucar-300x300.png 300w, https:\/\/gifukenjinkai.org.br\/wp_expo\/wp-content\/uploads\/expo2025_sq480_TaroKaneko_1_MonteFujiEPaoDeAcucar.png 480w\" sizes=\"auto, (max-width: 150px) 100vw, 150px\" \/><\/a><\/div><a class=\"wp-block-latest-posts__post-title\" href=\"https:\/\/gifukenjinkai.org.br\/21expo\/artist-mz\/tarokaneko\/montefujiepaodeacucar\/\">Monte Fuji e P\u00e3o de A\u00e7ucar<\/a><\/li>\n<\/ul>\n\n\n<p><\/p>\n\n\n\n<p><\/p>\n","protected":false},"excerpt":{"rendered":"<p>TARO KANEKO(\u91d1\u5b50 \u30bf\u30ed\u30a6) tarokaneko Taro Kaneko (1953 \u2013 G\u00e1lia \u2013 SP) Individuais: 2017\/ Face Gabinete de Arte \u2013 (S\u00e3o Paulo, [&hellip;]<\/p>\n","protected":false},"author":3,"featured_media":0,"parent":76,"menu_order":0,"comment_status":"closed","ping_status":"closed","template":"","meta":{"_uag_custom_page_level_css":"","site-sidebar-layout":"default","site-content-layout":"","ast-site-content-layout":"default","site-content-style":"default","site-sidebar-style":"default","ast-global-header-display":"","ast-banner-title-visibility":"","ast-main-header-display":"","ast-hfb-above-header-display":"","ast-hfb-below-header-display":"","ast-hfb-mobile-header-display":"","site-post-title":"disabled","ast-breadcrumbs-content":"","ast-featured-img":"disabled","footer-sml-layout":"","ast-disable-related-posts":"","theme-transparent-header-meta":"","adv-header-id-meta":"","stick-header-meta":"","header-above-stick-meta":"","header-main-stick-meta":"","header-below-stick-meta":"","astra-migrate-meta-layouts":"default","ast-page-background-enabled":"default","ast-page-background-meta":{"desktop":{"background-color":"var(--ast-global-color-4)","background-image":"","background-repeat":"repeat","background-position":"center center","background-size":"auto","background-attachment":"scroll","background-type":"","background-media":"","overlay-type":"","overlay-color":"","overlay-opacity":"","overlay-gradient":""},"tablet":{"background-color":"","background-image":"","background-repeat":"repeat","background-position":"center center","background-size":"auto","background-attachment":"scroll","background-type":"","background-media":"","overlay-type":"","overlay-color":"","overlay-opacity":"","overlay-gradient":""},"mobile":{"background-color":"","background-image":"","background-repeat":"repeat","background-position":"center center","background-size":"auto","background-attachment":"scroll","background-type":"","background-media":"","overlay-type":"","overlay-color":"","overlay-opacity":"","overlay-gradient":""}},"ast-content-background-meta":{"desktop":{"background-color":"var(--ast-global-color-5)","background-image":"","background-repeat":"repeat","background-position":"center center","background-size":"auto","background-attachment":"scroll","background-type":"","background-media":"","overlay-type":"","overlay-color":"","overlay-opacity":"","overlay-gradient":""},"tablet":{"background-color":"var(--ast-global-color-5)","background-image":"","background-repeat":"repeat","background-position":"center center","background-size":"auto","background-attachment":"scroll","background-type":"","background-media":"","overlay-type":"","overlay-color":"","overlay-opacity":"","overlay-gradient":""},"mobile":{"background-color":"var(--ast-global-color-5)","background-image":"","background-repeat":"repeat","background-position":"center center","background-size":"auto","background-attachment":"scroll","background-type":"","background-media":"","overlay-type":"","overlay-color":"","overlay-opacity":"","overlay-gradient":""}},"footnotes":""},"class_list":["post-802","page","type-page","status-publish","hentry"],"uagb_featured_image_src":{"full":false,"thumbnail":false,"medium":false,"medium_large":false,"large":false,"1536x1536":false,"2048x2048":false},"uagb_author_info":{"display_name":"admin admin","author_link":"https:\/\/gifukenjinkai.org.br\/21expo\/author\/admin\/"},"uagb_comment_info":0,"uagb_excerpt":"TARO KANEKO(\u91d1\u5b50 \u30bf\u30ed\u30a6) tarokaneko Taro Kaneko (1953 \u2013 G\u00e1lia \u2013 SP) Individuais: 2017\/ Face Gabinete de Arte \u2013 (S\u00e3o Paulo, [&hellip;]","_links":{"self":[{"href":"https:\/\/gifukenjinkai.org.br\/21expo\/wp-json\/wp\/v2\/pages\/802","targetHints":{"allow":["GET"]}}],"collection":[{"href":"https:\/\/gifukenjinkai.org.br\/21expo\/wp-json\/wp\/v2\/pages"}],"about":[{"href":"https:\/\/gifukenjinkai.org.br\/21expo\/wp-json\/wp\/v2\/types\/page"}],"author":[{"embeddable":true,"href":"https:\/\/gifukenjinkai.org.br\/21expo\/wp-json\/wp\/v2\/users\/3"}],"replies":[{"embeddable":true,"href":"https:\/\/gifukenjinkai.org.br\/21expo\/wp-json\/wp\/v2\/comments?post=802"}],"version-history":[{"count":4,"href":"https:\/\/gifukenjinkai.org.br\/21expo\/wp-json\/wp\/v2\/pages\/802\/revisions"}],"predecessor-version":[{"id":2583,"href":"https:\/\/gifukenjinkai.org.br\/21expo\/wp-json\/wp\/v2\/pages\/802\/revisions\/2583"}],"up":[{"embeddable":true,"href":"https:\/\/gifukenjinkai.org.br\/21expo\/wp-json\/wp\/v2\/pages\/76"}],"wp:attachment":[{"href":"https:\/\/gifukenjinkai.org.br\/21expo\/wp-json\/wp\/v2\/media?parent=802"}],"curies":[{"name":"wp","href":"https:\/\/api.w.org\/{rel}","templated":true}]}}