{"id":798,"date":"2024-10-25T13:59:47","date_gmt":"2024-10-25T16:59:47","guid":{"rendered":"https:\/\/gifukenjinkai.org.br\/20expo\/?page_id=798"},"modified":"2025-11-12T12:14:45","modified_gmt":"2025-11-12T15:14:45","slug":"silviodemelo","status":"publish","type":"page","link":"https:\/\/gifukenjinkai.org.br\/21expo\/artist\/silviodemelo\/","title":{"rendered":"SILVIO DE MELO (\u30b7\u30a5\u30f4\u30a3\u30aa\uff65\u30c7\uff65\u30e1\u30fc\u30ed)"},"content":{"rendered":"\n<h2 class=\"wp-block-heading\">SILVIO DE MELO<br>(\u30b7\u30a5\u30f4\u30a3\u30aa\uff65\u30d8\u30a3\u30ca\u30eb\u30c9\uff65\u30c7\uff65\u30e1\u30fc\u30ed)<\/h2>\n\n\n\n<p class=\"has-text-align-right\" style=\"font-size:16px\"> <a href=\"https:\/\/www.instagram.com\/silviodemeloartes\" target=\"_blank\" rel=\"noreferrer noopener\">silviodemeloartes<\/a><\/p>\n\n\n\n<p>Nasceu na cidade de Pacaembu, SP, em 1957;<br>Iniciou estudos de desenho e pintura em 1974 na Escola Brasileira de desenho;<br>Participou de v\u00e1rias exposi\u00e7\u00f5es, entre elas:<br>1980 \u2013 Silvio\/MBoza &#8211; Centro C\u00edvico de Sto. Andr\u00e9;<br>2007 \u2013 lll Bienal de Artes do Alto Tiete;<br>2008 \u2013 Exposi\u00e7\u00e3o coletiva em comemora\u00e7\u00e3o ao centen\u00e1rio da imigra\u00e7\u00e3o japonesa em Suzano;<br>2019 \u2013 Resid\u00eancia art\u00edstica em Veretz &#8211; Fran\u00e7a \u2013 Em comemora\u00e7\u00e3o aos 500 anos da morte de Leonardo da Vinci;<br>2019 \u2013 Exposi\u00e7\u00e3o na Galerie 21 \u2013 Tours \u2013 Fran\u00e7a<br>2019 \u2013 Exposi\u00e7\u00e3o coletiva (Remo na Arte) \u2013 Em comemora\u00e7\u00e3o aos 120 anos da funda\u00e7\u00e3o do Clube Esp\u00e9ria;<br>2021 \u2013 Exposi\u00e7\u00e3o \u201cResili\u00eancia\u201d coletiva APBA, em parceria com TJM-SP;<br>2022 \u2013 Exposi\u00e7\u00e3o coletiva em comemora\u00e7\u00e3o aos 80 anos de APBA;<br>2022 \u2013 Mostra 17 Artistas (modelo vivo na APBA).<br>2022 \u2013 18\u00aa Exposi\u00e7\u00e3o de Interc\u00e2mbio Nipo-Brasileiro-Consulado Geral do Jap\u00e3o.<br>2023 \u2013 Mostra \u2018Vinte Artistas\u201d &#8211; 81 anos de Modelo Vivo da APBA;<br>2023 \u2013 19\u00aa Exposi\u00e7\u00e3o de Intercambio Nipo-Brasileiro- Gifu Kenjinkai -Consulado Geral do Jap\u00e3o\/APBA.<br>2024 \u2013 Mostra coletiva para o lan\u00e7amento do livro: Modelo Vivo: 11 0lhares &#8211; na sede da APBA.<br>2024 \u2013 20\u00aaExposi\u00e7\u00e3o de Interc\u00e2mbio Nipo-Brasileiro no Espa\u00e7o Bunkyo- Edi\u00e7\u00e3o comemorativa-20 anos (Gifu Kenjinkai do Brasil).<br>2025 \u2013 Exposi\u00e7\u00e3o Grupo Modelo Vivo -APBA.<br>Atualmente faz parte do Grupo de Arte Belenzinho e trabalha em seu ateli\u00ea em Aruj\u00e1.<br>\u201cHoje atrav\u00e9s da figura humana, com l\u00e1pis sobre papel ou tinta acr\u00edlica sobre tela, pinceladas simples, tomo emprestado temas do cotidiano para desenvolver meus trabalhos, numa textura mista, que conduz para o imagin\u00e1rio e o espont\u00e2neo. Busco estabelecer uma conex\u00e3o entre composi\u00e7\u00e3o e cor na distribui\u00e7\u00e3o da figura no espa\u00e7o, aliados \u00e0s t\u00e9cnicas de desenho e pintura que servem de inspira\u00e7\u00e3o na elabora\u00e7\u00e3o dos trabalhos aqui apresentados\u201d. &#8220;<\/p>\n\n\n\n<div style=\"height:64px\" aria-hidden=\"true\" class=\"wp-block-spacer\"><\/div>\n\n\n<ul class=\"wp-block-latest-posts__list is-grid columns-3 wp-block-latest-posts\"><li><div class=\"wp-block-latest-posts__featured-image\"><a href=\"https:\/\/gifukenjinkai.org.br\/21expo\/artist-mz\/silviodemelo\/seresta\/\" aria-label=\"SERESTA\"><img loading=\"lazy\" decoding=\"async\" width=\"150\" height=\"150\" src=\"https:\/\/gifukenjinkai.org.br\/wp_expo\/wp-content\/uploads\/expo2025_sq480_SilvioMelo_1_Seresta-150x150.png\" class=\"attachment-thumbnail size-thumbnail wp-post-image\" alt=\"\" style=\"\" srcset=\"https:\/\/gifukenjinkai.org.br\/wp_expo\/wp-content\/uploads\/expo2025_sq480_SilvioMelo_1_Seresta-150x150.png 150w, https:\/\/gifukenjinkai.org.br\/wp_expo\/wp-content\/uploads\/expo2025_sq480_SilvioMelo_1_Seresta-300x300.png 300w, https:\/\/gifukenjinkai.org.br\/wp_expo\/wp-content\/uploads\/expo2025_sq480_SilvioMelo_1_Seresta.png 480w\" sizes=\"auto, (max-width: 150px) 100vw, 150px\" \/><\/a><\/div><a class=\"wp-block-latest-posts__post-title\" href=\"https:\/\/gifukenjinkai.org.br\/21expo\/artist-mz\/silviodemelo\/seresta\/\">SERESTA<\/a><\/li>\n<\/ul>\n\n\n<p><\/p>\n\n\n\n<p><\/p>\n","protected":false},"excerpt":{"rendered":"<p>SILVIO DE MELO(\u30b7\u30a5\u30f4\u30a3\u30aa\uff65\u30d8\u30a3\u30ca\u30eb\u30c9\uff65\u30c7\uff65\u30e1\u30fc\u30ed) silviodemeloartes Nasceu na cidade de Pacaembu, SP, em 1957;Iniciou estudos de desenho e pintura em 1974 na [&hellip;]<\/p>\n","protected":false},"author":3,"featured_media":0,"parent":76,"menu_order":0,"comment_status":"closed","ping_status":"closed","template":"","meta":{"_uag_custom_page_level_css":"","site-sidebar-layout":"default","site-content-layout":"","ast-site-content-layout":"default","site-content-style":"default","site-sidebar-style":"default","ast-global-header-display":"","ast-banner-title-visibility":"","ast-main-header-display":"","ast-hfb-above-header-display":"","ast-hfb-below-header-display":"","ast-hfb-mobile-header-display":"","site-post-title":"disabled","ast-breadcrumbs-content":"","ast-featured-img":"disabled","footer-sml-layout":"","ast-disable-related-posts":"","theme-transparent-header-meta":"","adv-header-id-meta":"","stick-header-meta":"","header-above-stick-meta":"","header-main-stick-meta":"","header-below-stick-meta":"","astra-migrate-meta-layouts":"default","ast-page-background-enabled":"default","ast-page-background-meta":{"desktop":{"background-color":"var(--ast-global-color-4)","background-image":"","background-repeat":"repeat","background-position":"center center","background-size":"auto","background-attachment":"scroll","background-type":"","background-media":"","overlay-type":"","overlay-color":"","overlay-opacity":"","overlay-gradient":""},"tablet":{"background-color":"","background-image":"","background-repeat":"repeat","background-position":"center center","background-size":"auto","background-attachment":"scroll","background-type":"","background-media":"","overlay-type":"","overlay-color":"","overlay-opacity":"","overlay-gradient":""},"mobile":{"background-color":"","background-image":"","background-repeat":"repeat","background-position":"center center","background-size":"auto","background-attachment":"scroll","background-type":"","background-media":"","overlay-type":"","overlay-color":"","overlay-opacity":"","overlay-gradient":""}},"ast-content-background-meta":{"desktop":{"background-color":"var(--ast-global-color-5)","background-image":"","background-repeat":"repeat","background-position":"center center","background-size":"auto","background-attachment":"scroll","background-type":"","background-media":"","overlay-type":"","overlay-color":"","overlay-opacity":"","overlay-gradient":""},"tablet":{"background-color":"var(--ast-global-color-5)","background-image":"","background-repeat":"repeat","background-position":"center center","background-size":"auto","background-attachment":"scroll","background-type":"","background-media":"","overlay-type":"","overlay-color":"","overlay-opacity":"","overlay-gradient":""},"mobile":{"background-color":"var(--ast-global-color-5)","background-image":"","background-repeat":"repeat","background-position":"center center","background-size":"auto","background-attachment":"scroll","background-type":"","background-media":"","overlay-type":"","overlay-color":"","overlay-opacity":"","overlay-gradient":""}},"footnotes":""},"class_list":["post-798","page","type-page","status-publish","hentry"],"uagb_featured_image_src":{"full":false,"thumbnail":false,"medium":false,"medium_large":false,"large":false,"1536x1536":false,"2048x2048":false},"uagb_author_info":{"display_name":"admin admin","author_link":"https:\/\/gifukenjinkai.org.br\/21expo\/author\/admin\/"},"uagb_comment_info":0,"uagb_excerpt":"SILVIO DE MELO(\u30b7\u30a5\u30f4\u30a3\u30aa\uff65\u30d8\u30a3\u30ca\u30eb\u30c9\uff65\u30c7\uff65\u30e1\u30fc\u30ed) silviodemeloartes Nasceu na cidade de Pacaembu, SP, em 1957;Iniciou estudos de desenho e pintura em 1974 na [&hellip;]","_links":{"self":[{"href":"https:\/\/gifukenjinkai.org.br\/21expo\/wp-json\/wp\/v2\/pages\/798","targetHints":{"allow":["GET"]}}],"collection":[{"href":"https:\/\/gifukenjinkai.org.br\/21expo\/wp-json\/wp\/v2\/pages"}],"about":[{"href":"https:\/\/gifukenjinkai.org.br\/21expo\/wp-json\/wp\/v2\/types\/page"}],"author":[{"embeddable":true,"href":"https:\/\/gifukenjinkai.org.br\/21expo\/wp-json\/wp\/v2\/users\/3"}],"replies":[{"embeddable":true,"href":"https:\/\/gifukenjinkai.org.br\/21expo\/wp-json\/wp\/v2\/comments?post=798"}],"version-history":[{"count":4,"href":"https:\/\/gifukenjinkai.org.br\/21expo\/wp-json\/wp\/v2\/pages\/798\/revisions"}],"predecessor-version":[{"id":2577,"href":"https:\/\/gifukenjinkai.org.br\/21expo\/wp-json\/wp\/v2\/pages\/798\/revisions\/2577"}],"up":[{"embeddable":true,"href":"https:\/\/gifukenjinkai.org.br\/21expo\/wp-json\/wp\/v2\/pages\/76"}],"wp:attachment":[{"href":"https:\/\/gifukenjinkai.org.br\/21expo\/wp-json\/wp\/v2\/media?parent=798"}],"curies":[{"name":"wp","href":"https:\/\/api.w.org\/{rel}","templated":true}]}}