{"id":2122,"date":"2025-11-09T13:03:26","date_gmt":"2025-11-09T16:03:26","guid":{"rendered":"https:\/\/gifukenjinkai.org.br\/21expo\/?page_id=2122"},"modified":"2025-11-12T12:07:29","modified_gmt":"2025-11-12T15:07:29","slug":"rossanajardim","status":"publish","type":"page","link":"https:\/\/gifukenjinkai.org.br\/21expo\/artist\/rossanajardim\/","title":{"rendered":"ROSSANA JARDIM (\u30db\u30b5\u30ca\uff65\u30b8\u30e3\u30eb\u30b8\u30f3)"},"content":{"rendered":"\n<h2 class=\"wp-block-heading\">ROSSANA JARDIM<br>(\u30db\u30b5\u30ca\uff65\u30b8\u30e3\u30eb\u30b8\u30f3)<\/h2>\n\n\n\n<p class=\"has-text-align-right\" style=\"font-size:16px\"> <a href=\"https:\/\/www.instagram.com\/rossanajardimarte\" data-type=\"link\" data-id=\"https:\/\/www.instagram.com\/anatrevisanart\" target=\"_blank\" rel=\"noreferrer noopener\">rossanajardimarte<\/a><\/p>\n\n\n\n<p>Rossana Jardim (1959) nasceu e vive em Goi\u00e2nia, GO. <br>Psic\u00f3loga e Psicanalista de Crian\u00e7as, dedica-se, desde 1988, ao trabalho como artista visual. <br>Estudou na Escola de Artes do Museu de Artes de Goi\u00e2nia e frequentou ateliers de artistas goianos para seu aprendizado.<br>Participou de exposi\u00e7\u00f5es individuais e coletivas em Goi\u00e1s, Goi\u00e2nia, S\u00e3o Paulo, Rio de Janeiro e nos Estados Unidos. <br>Em 2023 concluiu o programa Casa Tato 8, foi selecionada para o 45\u00ba Sal\u00e3o de Artes Pl\u00e1sticas Waldemar Belis\u00e1rio em Ilhabela, 28\u00ba Sal\u00e3o de Artes Pl\u00e1sticas de Mogi Mirim, 5\u00aa Grande Exposi\u00e7\u00e3o de Arte Bunkyo, Men\u00e7\u00e3o Honrosa no Sal\u00e3o de Arte de Santa Maria no RS, cuja obra se encontra no acervo do Museu de Arte de Santa Maria. <br>Anteriormente, foi selecionada para o 11\u00ba Sal\u00e3o Paulista de Arte Contempor\u00e2nea de S\u00e3o Paulo e 3\u00ba Pr\u00eamio Celg de Artes Pl\u00e1sticas de Goi\u00e2nia. <br>Sua pesquisa lida com a fascina\u00e7\u00e3o pelo movimento e pela arquitetura. <br>Um dos seus principais interesses \u00e9 a procura por novas percep\u00e7\u00f5es de mundo, principalmente pelo foco, cor e composi\u00e7\u00e3o das imagens.<\/p>\n\n\n\n<div style=\"height:64px\" aria-hidden=\"true\" class=\"wp-block-spacer\"><\/div>\n\n\n<ul class=\"wp-block-latest-posts__list is-grid columns-3 wp-block-latest-posts\"><li><div class=\"wp-block-latest-posts__featured-image\"><a href=\"https:\/\/gifukenjinkai.org.br\/21expo\/artist-mz\/rossanajardim\/alegria\/\" aria-label=\"Alegria (S\u00e9rie Asas)\"><img loading=\"lazy\" decoding=\"async\" width=\"150\" height=\"150\" src=\"https:\/\/gifukenjinkai.org.br\/wp_expo\/wp-content\/uploads\/expo2025_sq480_RossanaJardim_1_AlegriaSerieAsas-150x150.png\" class=\"attachment-thumbnail size-thumbnail wp-post-image\" alt=\"\" style=\"\" srcset=\"https:\/\/gifukenjinkai.org.br\/wp_expo\/wp-content\/uploads\/expo2025_sq480_RossanaJardim_1_AlegriaSerieAsas-150x150.png 150w, https:\/\/gifukenjinkai.org.br\/wp_expo\/wp-content\/uploads\/expo2025_sq480_RossanaJardim_1_AlegriaSerieAsas-300x300.png 300w, https:\/\/gifukenjinkai.org.br\/wp_expo\/wp-content\/uploads\/expo2025_sq480_RossanaJardim_1_AlegriaSerieAsas.png 480w\" sizes=\"auto, (max-width: 150px) 100vw, 150px\" \/><\/a><\/div><a class=\"wp-block-latest-posts__post-title\" href=\"https:\/\/gifukenjinkai.org.br\/21expo\/artist-mz\/rossanajardim\/alegria\/\">Alegria (S\u00e9rie Asas)<\/a><\/li>\n<li><div class=\"wp-block-latest-posts__featured-image\"><a href=\"https:\/\/gifukenjinkai.org.br\/21expo\/artist-mz\/rossanajardim\/apenassuapresenca\/\" aria-label=\"Apenas sua Presen\u00e7a\"><img loading=\"lazy\" decoding=\"async\" width=\"150\" height=\"150\" src=\"https:\/\/gifukenjinkai.org.br\/wp_expo\/wp-content\/uploads\/expo2025_sq480_RossanaJardim_2_ApenasSuaPresenca-150x150.png\" class=\"attachment-thumbnail size-thumbnail wp-post-image\" alt=\"\" style=\"\" srcset=\"https:\/\/gifukenjinkai.org.br\/wp_expo\/wp-content\/uploads\/expo2025_sq480_RossanaJardim_2_ApenasSuaPresenca-150x150.png 150w, https:\/\/gifukenjinkai.org.br\/wp_expo\/wp-content\/uploads\/expo2025_sq480_RossanaJardim_2_ApenasSuaPresenca-300x300.png 300w, https:\/\/gifukenjinkai.org.br\/wp_expo\/wp-content\/uploads\/expo2025_sq480_RossanaJardim_2_ApenasSuaPresenca.png 480w\" sizes=\"auto, (max-width: 150px) 100vw, 150px\" \/><\/a><\/div><a class=\"wp-block-latest-posts__post-title\" href=\"https:\/\/gifukenjinkai.org.br\/21expo\/artist-mz\/rossanajardim\/apenassuapresenca\/\">Apenas sua Presen\u00e7a<\/a><\/li>\n<\/ul>\n\n\n<p><\/p>\n","protected":false},"excerpt":{"rendered":"<p>ROSSANA JARDIM(\u30db\u30b5\u30ca\uff65\u30b8\u30e3\u30eb\u30b8\u30f3) rossanajardimarte Rossana Jardim (1959) nasceu e vive em Goi\u00e2nia, GO. Psic\u00f3loga e Psicanalista de Crian\u00e7as, dedica-se, desde 1988, [&hellip;]<\/p>\n","protected":false},"author":5,"featured_media":0,"parent":76,"menu_order":0,"comment_status":"closed","ping_status":"closed","template":"","meta":{"_uag_custom_page_level_css":"","site-sidebar-layout":"default","site-content-layout":"","ast-site-content-layout":"default","site-content-style":"default","site-sidebar-style":"default","ast-global-header-display":"","ast-banner-title-visibility":"","ast-main-header-display":"","ast-hfb-above-header-display":"","ast-hfb-below-header-display":"","ast-hfb-mobile-header-display":"","site-post-title":"disabled","ast-breadcrumbs-content":"","ast-featured-img":"","footer-sml-layout":"","ast-disable-related-posts":"","theme-transparent-header-meta":"","adv-header-id-meta":"","stick-header-meta":"","header-above-stick-meta":"","header-main-stick-meta":"","header-below-stick-meta":"","astra-migrate-meta-layouts":"default","ast-page-background-enabled":"default","ast-page-background-meta":{"desktop":{"background-color":"var(--ast-global-color-4)","background-image":"","background-repeat":"repeat","background-position":"center center","background-size":"auto","background-attachment":"scroll","background-type":"","background-media":"","overlay-type":"","overlay-color":"","overlay-opacity":"","overlay-gradient":""},"tablet":{"background-color":"","background-image":"","background-repeat":"repeat","background-position":"center center","background-size":"auto","background-attachment":"scroll","background-type":"","background-media":"","overlay-type":"","overlay-color":"","overlay-opacity":"","overlay-gradient":""},"mobile":{"background-color":"","background-image":"","background-repeat":"repeat","background-position":"center center","background-size":"auto","background-attachment":"scroll","background-type":"","background-media":"","overlay-type":"","overlay-color":"","overlay-opacity":"","overlay-gradient":""}},"ast-content-background-meta":{"desktop":{"background-color":"var(--ast-global-color-5)","background-image":"","background-repeat":"repeat","background-position":"center center","background-size":"auto","background-attachment":"scroll","background-type":"","background-media":"","overlay-type":"","overlay-color":"","overlay-opacity":"","overlay-gradient":""},"tablet":{"background-color":"var(--ast-global-color-5)","background-image":"","background-repeat":"repeat","background-position":"center center","background-size":"auto","background-attachment":"scroll","background-type":"","background-media":"","overlay-type":"","overlay-color":"","overlay-opacity":"","overlay-gradient":""},"mobile":{"background-color":"var(--ast-global-color-5)","background-image":"","background-repeat":"repeat","background-position":"center center","background-size":"auto","background-attachment":"scroll","background-type":"","background-media":"","overlay-type":"","overlay-color":"","overlay-opacity":"","overlay-gradient":""}},"footnotes":""},"class_list":["post-2122","page","type-page","status-publish","hentry"],"uagb_featured_image_src":{"full":false,"thumbnail":false,"medium":false,"medium_large":false,"large":false,"1536x1536":false,"2048x2048":false},"uagb_author_info":{"display_name":"mty","author_link":"https:\/\/gifukenjinkai.org.br\/21expo\/author\/mty\/"},"uagb_comment_info":0,"uagb_excerpt":"ROSSANA JARDIM(\u30db\u30b5\u30ca\uff65\u30b8\u30e3\u30eb\u30b8\u30f3) rossanajardimarte Rossana Jardim (1959) nasceu e vive em Goi\u00e2nia, GO. Psic\u00f3loga e Psicanalista de Crian\u00e7as, dedica-se, desde 1988, [&hellip;]","_links":{"self":[{"href":"https:\/\/gifukenjinkai.org.br\/21expo\/wp-json\/wp\/v2\/pages\/2122","targetHints":{"allow":["GET"]}}],"collection":[{"href":"https:\/\/gifukenjinkai.org.br\/21expo\/wp-json\/wp\/v2\/pages"}],"about":[{"href":"https:\/\/gifukenjinkai.org.br\/21expo\/wp-json\/wp\/v2\/types\/page"}],"author":[{"embeddable":true,"href":"https:\/\/gifukenjinkai.org.br\/21expo\/wp-json\/wp\/v2\/users\/5"}],"replies":[{"embeddable":true,"href":"https:\/\/gifukenjinkai.org.br\/21expo\/wp-json\/wp\/v2\/comments?post=2122"}],"version-history":[{"count":3,"href":"https:\/\/gifukenjinkai.org.br\/21expo\/wp-json\/wp\/v2\/pages\/2122\/revisions"}],"predecessor-version":[{"id":2573,"href":"https:\/\/gifukenjinkai.org.br\/21expo\/wp-json\/wp\/v2\/pages\/2122\/revisions\/2573"}],"up":[{"embeddable":true,"href":"https:\/\/gifukenjinkai.org.br\/21expo\/wp-json\/wp\/v2\/pages\/76"}],"wp:attachment":[{"href":"https:\/\/gifukenjinkai.org.br\/21expo\/wp-json\/wp\/v2\/media?parent=2122"}],"curies":[{"name":"wp","href":"https:\/\/api.w.org\/{rel}","templated":true}]}}